{"version":"1.0","provider_name":"Wattkraft","provider_url":"https:\/\/www.wattkraft.com\/es\/","author_name":"Daniel Castosa","author_url":"https:\/\/www.wattkraft.com\/es\/news\/author\/daniel-castosa\/","title":"II Edici\u00f3n Semana del Sol - Wattkraft","type":"rich","width":600,"height":338,"html":"<blockquote class=\"wp-embedded-content\" data-secret=\"SPunjdthy8\"><a href=\"https:\/\/www.wattkraft.com\/es\/news\/ii-edicion-semana-del-sol\/\">II Edici\u00f3n Semana del Sol<\/a><\/blockquote><iframe sandbox=\"allow-scripts\" security=\"restricted\" src=\"https:\/\/www.wattkraft.com\/es\/news\/ii-edicion-semana-del-sol\/embed\/#?secret=SPunjdthy8\" width=\"600\" height=\"338\" title=\"&#8220;II Edici\u00f3n Semana del Sol&#8221; &#8212; Wattkraft\" data-secret=\"SPunjdthy8\" frameborder=\"0\" marginwidth=\"0\" marginheight=\"0\" scrolling=\"no\" class=\"wp-embedded-content\"><\/iframe><script type=\"text\/javascript\">\n\/* <![CDATA[ *\/\n\/*! This file is auto-generated *\/\n!function(d,l){\"use strict\";l.querySelector&&d.addEventListener&&\"undefined\"!=typeof URL&&(d.wp=d.wp||{},d.wp.receiveEmbedMessage||(d.wp.receiveEmbedMessage=function(e){var t=e.data;if((t||t.secret||t.message||t.value)&&!\/[^a-zA-Z0-9]\/.test(t.secret)){for(var s,r,n,a=l.querySelectorAll('iframe[data-secret=\"'+t.secret+'\"]'),o=l.querySelectorAll('blockquote[data-secret=\"'+t.secret+'\"]'),c=new RegExp(\"^https?:$\",\"i\"),i=0;i<o.length;i++)o[i].style.display=\"none\";for(i=0;i<a.length;i++)s=a[i],e.source===s.contentWindow&&(s.removeAttribute(\"style\"),\"height\"===t.message?(1e3<(r=parseInt(t.value,10))?r=1e3:~~r<200&&(r=200),s.height=r):\"link\"===t.message&&(r=new URL(s.getAttribute(\"src\")),n=new URL(t.value),c.test(n.protocol))&&n.host===r.host&&l.activeElement===s&&(d.top.location.href=t.value))}},d.addEventListener(\"message\",d.wp.receiveEmbedMessage,!1),l.addEventListener(\"DOMContentLoaded\",function(){for(var e,t,s=l.querySelectorAll(\"iframe.wp-embedded-content\"),r=0;r<s.length;r++)(t=(e=s[r]).getAttribute(\"data-secret\"))||(t=Math.random().toString(36).substring(2,12),e.src+=\"#?secret=\"+t,e.setAttribute(\"data-secret\",t)),e.contentWindow.postMessage({message:\"ready\",secret:t},\"*\")},!1)))}(window,document);\n\/* ]]> *\/\n<\/script>\n","thumbnail_url":"https:\/\/www.wattkraft.com\/app\/uploads\/2023\/11\/Semana-del-Sol-EERR-scaled-1.jpg","thumbnail_width":2560,"thumbnail_height":1683,"description":"\u00a1Bienvenido a la Semana del Sol! \u00bfTe gustar\u00eda formar parte de la II Edici\u00f3n de la Semana del Sol? Cada a\u00f1o, la tierra experimenta dos solsticios y dos equinoccios, fen\u00f3menos completamente opuestos y que marcan el inicio de las estaciones. El a\u00f1o pasado, desde Wattkraft &amp; Huawei, celebramos el solsticio de verano como el d\u00eda con mayor luz solar de todo el a\u00f1o. En esta ocasi\u00f3n, queremos celebrar el equinoccio de primavera, el d\u00eda en el que el sol estar\u00e1 sobre el ecuador haciendo que el d\u00eda y la noche tengan exactamente la misma duraci\u00f3n. \u00a1Estamos encantados de invitarte por segundo a\u00f1o consecutivo a la Semana del Sol de Wattkraft &amp; Huawei! Ahora ya conoces en torno a qu\u00e9 gira nuestra semana, te falta por saber qu\u00e9 es \ud83d\ude09 Te adelantamos que se trata de una semana de eventos exclusivos, online y offline. Son unos d\u00edas en los que todos nuestros partners, y colaboradores habituales, forman parte de esta iniciativa. En breve, facilitaremos m\u00e1s detalles. Para m\u00e1s informaci\u00f3n: contacto@wattkraft.com"}